{"id":3899,"date":"2025-11-08T08:14:30","date_gmt":"2025-11-08T07:14:30","guid":{"rendered":"https:\/\/www.frequences.ch\/home-26\/"},"modified":"2026-02-05T09:54:48","modified_gmt":"2026-02-05T08:54:48","slug":"home-26","status":"publish","type":"page","link":"https:\/\/www.frequences.ch\/de\/","title":{"rendered":"Schweizer Schule f\u00fcr Heilung und Medialit\u00e4t"},"content":{"rendered":"\t\t<div data-elementor-type=\"wp-page\" data-elementor-id=\"3899\" class=\"elementor elementor-3899 elementor-3476\" data-elementor-post-type=\"page\">\n\t\t\t\t<div class=\"elementor-element elementor-element-c5043ce e-flex e-con-boxed e-con e-parent\" data-id=\"c5043ce\" data-element_type=\"container\" data-e-type=\"container\" data-settings=\"{&quot;background_background&quot;:&quot;gradient&quot;}\">\n\t\t\t\t\t<div class=\"e-con-inner\">\n\t\t\t\t<div class=\"elementor-element elementor-element-ed9be64 elementor-widget elementor-widget-heading\" data-id=\"ed9be64\" data-element_type=\"widget\" data-e-type=\"widget\" data-widget_type=\"heading.default\">\n\t\t\t\t<div class=\"elementor-widget-container\">\n\t\t\t\t\t<h1 class=\"elementor-heading-title elementor-size-default\">Fr\u00e9quences<\/h1>\t\t\t\t<\/div>\n\t\t\t\t<\/div>\n\t\t\t\t<div class=\"elementor-element elementor-element-06163ef elementor-widget elementor-widget-heading\" data-id=\"06163ef\" data-element_type=\"widget\" data-e-type=\"widget\" data-widget_type=\"heading.default\">\n\t\t\t\t<div class=\"elementor-widget-container\">\n\t\t\t\t\t<span class=\"elementor-heading-title elementor-size-default\">\u00c9cole suisse de gu\u00e9rison et m\u00e9diumnit\u00e9<\/span>\t\t\t\t<\/div>\n\t\t\t\t<\/div>\n\t\t\t\t<div class=\"elementor-element elementor-element-5e83015 elementor-widget elementor-widget-heading\" data-id=\"5e83015\" data-element_type=\"widget\" data-e-type=\"widget\" data-widget_type=\"heading.default\">\n\t\t\t\t<div class=\"elementor-widget-container\">\n\t\t\t\t\t<span class=\"elementor-heading-title elementor-size-default\">Schweizer Schule f\u00fcr Heilung und Medialit\u00e4t<\/span>\t\t\t\t<\/div>\n\t\t\t\t<\/div>\n\t\t<div class=\"elementor-element elementor-element-b2b8c80 e-con-full e-flex e-con e-child\" data-id=\"b2b8c80\" data-element_type=\"container\" data-e-type=\"container\">\n\t\t<div class=\"elementor-element elementor-element-eaafcf8 e-con-full e-flex e-con e-child\" data-id=\"eaafcf8\" data-element_type=\"container\" data-e-type=\"container\">\n\t\t\t\t<div class=\"elementor-element elementor-element-2771451 elementor-widget elementor-widget-text-editor\" data-id=\"2771451\" data-element_type=\"widget\" data-e-type=\"widget\" data-widget_type=\"text-editor.default\">\n\t\t\t\t<div class=\"elementor-widget-container\">\n\t\t\t\t\t\t\t\t\t<p>Bienvenue sur le site de Fr\u00e9quences. Nous sommes ravis de vous accueillir.<\/p>\n\t\t\t\t\t\t\t\t<\/div>\n\t\t\t\t<\/div>\n\t\t\t\t<div class=\"elementor-element elementor-element-9424a52 elementor-align-center elementor-widget elementor-widget-button\" data-id=\"9424a52\" data-element_type=\"widget\" data-e-type=\"widget\" data-widget_type=\"button.default\">\n\t\t\t\t<div class=\"elementor-widget-container\">\n\t\t\t\t\t\t\t\t\t<div class=\"elementor-button-wrapper\">\n\t\t\t\t\t<a class=\"elementor-button elementor-button-link elementor-size-sm elementor-animation-grow\" href=\"https:\/\/www.frequences.ch\/programmes\/\">\n\t\t\t\t\t\t<span class=\"elementor-button-content-wrapper\">\n\t\t\t\t\t\t\t\t\t<span class=\"elementor-button-text\">Cours en fran\u00e7ais<\/span>\n\t\t\t\t\t<\/span>\n\t\t\t\t\t<\/a>\n\t\t\t\t<\/div>\n\t\t\t\t\t\t\t\t<\/div>\n\t\t\t\t<\/div>\n\t\t\t\t<\/div>\n\t\t<div class=\"elementor-element elementor-element-87b6cee e-con-full e-flex e-con e-child\" data-id=\"87b6cee\" data-element_type=\"container\" data-e-type=\"container\">\n\t\t\t\t<div class=\"elementor-element elementor-element-752e2b0 elementor-widget elementor-widget-text-editor\" data-id=\"752e2b0\" data-element_type=\"widget\" data-e-type=\"widget\" data-widget_type=\"text-editor.default\">\n\t\t\t\t<div class=\"elementor-widget-container\">\n\t\t\t\t\t\t\t\t\t<p>Willkommen auf der Webseite von Fr\u00e9quences Wir freuen uns, Sie bei uns begru\u0308ssen zu du\u0308rfen.<\/p>\n\t\t\t\t\t\t\t\t<\/div>\n\t\t\t\t<\/div>\n\t\t\t\t<div class=\"elementor-element elementor-element-741f694 elementor-align-center elementor-widget elementor-widget-button\" data-id=\"741f694\" data-element_type=\"widget\" data-e-type=\"widget\" data-widget_type=\"button.default\">\n\t\t\t\t<div class=\"elementor-widget-container\">\n\t\t\t\t\t\t\t\t\t<div class=\"elementor-button-wrapper\">\n\t\t\t\t\t<a class=\"elementor-button elementor-button-link elementor-size-sm elementor-animation-grow\" href=\"https:\/\/www.frequences.ch\/de\/programme\/\">\n\t\t\t\t\t\t<span class=\"elementor-button-content-wrapper\">\n\t\t\t\t\t\t\t\t\t<span class=\"elementor-button-text\">Kurse auf Deutsch<\/span>\n\t\t\t\t\t<\/span>\n\t\t\t\t\t<\/a>\n\t\t\t\t<\/div>\n\t\t\t\t\t\t\t\t<\/div>\n\t\t\t\t<\/div>\n\t\t\t\t<\/div>\n\t\t\t\t<\/div>\n\t\t\t\t\t<\/div>\n\t\t\t\t<\/div>\n\t\t<div class=\"elementor-element elementor-element-669c333 e-flex e-con-boxed e-con e-parent\" data-id=\"669c333\" data-element_type=\"container\" data-e-type=\"container\" data-settings=\"{&quot;background_background&quot;:&quot;classic&quot;}\">\n\t\t\t\t\t<div class=\"e-con-inner\">\n\t\t<div class=\"elementor-element elementor-element-4ad5ccf e-con-full e-flex e-con e-child\" data-id=\"4ad5ccf\" data-element_type=\"container\" data-e-type=\"container\">\n\t\t\t\t<div class=\"elementor-element elementor-element-665f2ce elementor-widget elementor-widget-heading\" data-id=\"665f2ce\" data-element_type=\"widget\" data-e-type=\"widget\" data-widget_type=\"heading.default\">\n\t\t\t\t<div class=\"elementor-widget-container\">\n\t\t\t\t\t<h2 class=\"elementor-heading-title elementor-size-default\">\u00c9cole leader dans le domaine de la gu\u00e9rison \u00e9nerg\u00e9tique et de la m\u00e9diumnit\u00e9<\/h2>\t\t\t\t<\/div>\n\t\t\t\t<\/div>\n\t\t\t\t<div class=\"elementor-element elementor-element-bdba692 elementor-widget elementor-widget-heading\" data-id=\"bdba692\" data-element_type=\"widget\" data-e-type=\"widget\" data-widget_type=\"heading.default\">\n\t\t\t\t<div class=\"elementor-widget-container\">\n\t\t\t\t\t<h2 class=\"elementor-heading-title elementor-size-default\">Fu\u0308hrende Schule fu\u0308r energetisches Heilen und Medialit\u00e4t<\/h2>\t\t\t\t<\/div>\n\t\t\t\t<\/div>\n\t\t\t\t<\/div>\n\t\t<div class=\"elementor-element elementor-element-30a1190 e-con-full e-flex e-con e-child\" data-id=\"30a1190\" data-element_type=\"container\" data-e-type=\"container\">\n\t\t\t\t<div class=\"elementor-element elementor-element-7b0852c elementor-widget elementor-widget-text-editor\" data-id=\"7b0852c\" data-element_type=\"widget\" data-e-type=\"widget\" data-widget_type=\"text-editor.default\">\n\t\t\t\t<div class=\"elementor-widget-container\">\n\t\t\t\t\t\t\t\t\t<p>D\u00e9couvrez votre potentiel de gu\u00e9rison spirituelle et de m\u00e9diumnit\u00e9 avec la formation la plus compl\u00e8te et reconnue. Programmes certifi\u00e9s en fran\u00e7ais et en allemand, con\u00e7us pour votre d\u00e9veloppement personnel et professionnel.<\/p>\n\t\t\t\t\t\t\t\t<\/div>\n\t\t\t\t<\/div>\n\t\t\t\t<div class=\"elementor-element elementor-element-2cad7ae elementor-widget elementor-widget-text-editor\" data-id=\"2cad7ae\" data-element_type=\"widget\" data-e-type=\"widget\" data-widget_type=\"text-editor.default\">\n\t\t\t\t<div class=\"elementor-widget-container\">\n\t\t\t\t\t\t\t\t\t<p>Entdecken Sie Ihr Potenzial fu\u0308r spirituelles Heilen und Medialit\u00e4t mit der umfassendsten und anerkanntesten Ausbildung. Zertifizierte Programme auf Franz\u00f6sisch und Deutsch, konzipiert fu\u0308r Ihre pers\u00f6nliche und berufliche Entwicklung.<\/p>\n\t\t\t\t\t\t\t\t<\/div>\n\t\t\t\t<\/div>\n\t\t<div class=\"elementor-element elementor-element-de629fe e-con-full e-flex e-con e-child\" data-id=\"de629fe\" data-element_type=\"container\" data-e-type=\"container\" data-settings=\"{&quot;background_background&quot;:&quot;classic&quot;}\">\n\t\t\t\t<div class=\"elementor-element elementor-element-7a436bb elementor-widget elementor-widget-image\" data-id=\"7a436bb\" data-element_type=\"widget\" data-e-type=\"widget\" data-widget_type=\"image.default\">\n\t\t\t\t<div class=\"elementor-widget-container\">\n\t\t\t\t\t\t\t\t\t\t\t\t\t\t\t\t<a href=\"https:\/\/www.frequences.ch\/de\/\">\n\t\t\t\t\t\t\t<img decoding=\"async\" width=\"300\" height=\"124\" src=\"https:\/\/www.frequences.ch\/wp-content\/uploads\/2023\/12\/guerison-logo-1.png\" class=\"attachment-large size-large wp-image-36\" alt=\"Fr\u00e9quences \u00c9cole suisse de gu\u00e9rison\" \/>\t\t\t\t\t\t\t\t<\/a>\n\t\t\t\t\t\t\t\t\t\t\t\t\t\t\t<\/div>\n\t\t\t\t<\/div>\n\t\t\t\t<div class=\"elementor-element elementor-element-5fe0e5a elementor-widget elementor-widget-image\" data-id=\"5fe0e5a\" data-element_type=\"widget\" data-e-type=\"widget\" data-widget_type=\"image.default\">\n\t\t\t\t<div class=\"elementor-widget-container\">\n\t\t\t\t\t\t\t\t\t\t\t\t\t\t\t\t<a href=\"https:\/\/www.ecole-mediumnite.com\/\" target=\"_blank\">\n\t\t\t\t\t\t\t<img fetchpriority=\"high\" decoding=\"async\" width=\"673\" height=\"146\" src=\"https:\/\/www.frequences.ch\/wp-content\/uploads\/2025\/03\/logo-frequences-grand-transparent.png\" class=\"attachment-large size-large wp-image-2429\" alt=\"Fr\u00e9quences \u00c9cole suisse de m\u00e9diumnit\u00e9\" srcset=\"https:\/\/www.frequences.ch\/wp-content\/uploads\/2025\/03\/logo-frequences-grand-transparent.png 673w, https:\/\/www.frequences.ch\/wp-content\/uploads\/2025\/03\/logo-frequences-grand-transparent-300x65.png 300w, https:\/\/www.frequences.ch\/wp-content\/uploads\/2025\/03\/logo-frequences-grand-transparent-600x130.png 600w\" sizes=\"(max-width: 673px) 100vw, 673px\" \/>\t\t\t\t\t\t\t\t<\/a>\n\t\t\t\t\t\t\t\t\t\t\t\t\t\t\t<\/div>\n\t\t\t\t<\/div>\n\t\t\t\t<\/div>\n\t\t\t\t<\/div>\n\t\t<div class=\"elementor-element elementor-element-16d4db6 e-con-full e-flex e-con e-child\" data-id=\"16d4db6\" data-element_type=\"container\" data-e-type=\"container\">\n\t\t\t\t<div class=\"elementor-element elementor-element-1200d32 elementor-widget elementor-widget-heading\" data-id=\"1200d32\" data-element_type=\"widget\" data-e-type=\"widget\" data-widget_type=\"heading.default\">\n\t\t\t\t<div class=\"elementor-widget-container\">\n\t\t\t\t\t<h2 class=\"elementor-heading-title elementor-size-default\">EPI \u2013 Extraction of Pathological Information\u2122<\/h2>\t\t\t\t<\/div>\n\t\t\t\t<\/div>\n\t\t<div class=\"elementor-element elementor-element-c1f70a5 e-con-full e-flex e-con e-child\" data-id=\"c1f70a5\" data-element_type=\"container\" data-e-type=\"container\">\n\t\t\t\t<div class=\"elementor-element elementor-element-1a91682 elementor-widget__width-initial elementor-widget elementor-widget-image\" data-id=\"1a91682\" data-element_type=\"widget\" data-e-type=\"widget\" data-widget_type=\"image.default\">\n\t\t\t\t<div class=\"elementor-widget-container\">\n\t\t\t\t\t\t\t\t\t\t\t\t\t\t\t<img decoding=\"async\" width=\"300\" height=\"167\" src=\"https:\/\/www.frequences.ch\/wp-content\/uploads\/2024\/10\/Logo-EPI-300x167.jpg\" class=\"attachment-medium size-medium wp-image-2082\" alt=\"EPI Extraction of Pathologigal Information\" srcset=\"https:\/\/www.frequences.ch\/wp-content\/uploads\/2024\/10\/Logo-EPI-300x167.jpg 300w, https:\/\/www.frequences.ch\/wp-content\/uploads\/2024\/10\/Logo-EPI-768x428.jpg 768w, https:\/\/www.frequences.ch\/wp-content\/uploads\/2024\/10\/Logo-EPI-600x335.jpg 600w, https:\/\/www.frequences.ch\/wp-content\/uploads\/2024\/10\/Logo-EPI.jpg 825w\" sizes=\"(max-width: 300px) 100vw, 300px\" \/>\t\t\t\t\t\t\t\t\t\t\t\t\t\t\t<\/div>\n\t\t\t\t<\/div>\n\t\t\t\t<div class=\"elementor-element elementor-element-004a8a2 elementor-widget__width-initial elementor-widget elementor-widget-text-editor\" data-id=\"004a8a2\" data-element_type=\"widget\" data-e-type=\"widget\" data-widget_type=\"text-editor.default\">\n\t\t\t\t<div class=\"elementor-widget-container\">\n\t\t\t\t\t\t\t\t\t<p>La m\u00e9thode EPI \u2013 Extraction of Pathological Information\u2122 ne fait pas partie de la formation de gu\u00e9rison. Il s\u2019agit d\u2019un approfondissement qui sera enseign\u00e9 apr\u00e8s avoir fait l&#8217;ann\u00e9e gu\u00e9rison. Il faut donc avoir suivi la formation compl\u00e8te de gu\u00e9rison au pr\u00e9alable. De plus, ce n\u2019est qu\u2019\u00e0 l\u2019issue d\u2019un entretien avec Hannes Jacob que la personne int\u00e9ress\u00e9e saura si elle est admise \u00e0 cette formation qui sera dans une classe \u00e0 part nomm\u00e9e EPI.<\/p>\n\t\t\t\t\t\t\t\t<\/div>\n\t\t\t\t<\/div>\n\t\t\t\t<div class=\"elementor-element elementor-element-2ebf1c2 elementor-widget__width-initial elementor-widget elementor-widget-text-editor\" data-id=\"2ebf1c2\" data-element_type=\"widget\" data-e-type=\"widget\" data-widget_type=\"text-editor.default\">\n\t\t\t\t<div class=\"elementor-widget-container\">\n\t\t\t\t\t\t\t\t\t<p>EPI \u2013 Extraction of Pathological <span class=\"ng-binding ng-isolate-scope\">Information\u2122<\/span> ist der Name einer alternativen Heilmethode, die vor kurzem von Hannes Jacob entwickelt wurde und derzeit ausschlie\u00dflich von ihm selbst in Neuch\u00e2tel, Schweiz, praktiziert wird. Sie wird an der 2005 von Hannes Jacob gegr\u00fcndeten Fr\u00e9quences, \u00c9cole Suisse de Gu\u00e9rison, unterrichtet.<\/p>\n\t\t\t\t\t\t\t\t<\/div>\n\t\t\t\t<\/div>\n\t\t\t\t<\/div>\n\t\t<div class=\"elementor-element elementor-element-3abe25c e-con-full e-flex e-con e-child\" data-id=\"3abe25c\" data-element_type=\"container\" data-e-type=\"container\">\n\t\t\t\t<div class=\"elementor-element elementor-element-d6ea885 elementor-align-center elementor-widget elementor-widget-button\" data-id=\"d6ea885\" data-element_type=\"widget\" data-e-type=\"widget\" data-widget_type=\"button.default\">\n\t\t\t\t<div class=\"elementor-widget-container\">\n\t\t\t\t\t\t\t\t\t<div class=\"elementor-button-wrapper\">\n\t\t\t\t\t<a class=\"elementor-button elementor-button-link elementor-size-sm elementor-animation-grow\" href=\"https:\/\/www.frequences.ch\/epi-extraction-of-pathological-information\/\">\n\t\t\t\t\t\t<span class=\"elementor-button-content-wrapper\">\n\t\t\t\t\t\t\t\t\t<span class=\"elementor-button-text\">Plus d'information<\/span>\n\t\t\t\t\t<\/span>\n\t\t\t\t\t<\/a>\n\t\t\t\t<\/div>\n\t\t\t\t\t\t\t\t<\/div>\n\t\t\t\t<\/div>\n\t\t\t\t<div class=\"elementor-element elementor-element-39239a3 elementor-align-center elementor-widget elementor-widget-button\" data-id=\"39239a3\" data-element_type=\"widget\" data-e-type=\"widget\" data-widget_type=\"button.default\">\n\t\t\t\t<div class=\"elementor-widget-container\">\n\t\t\t\t\t\t\t\t\t<div class=\"elementor-button-wrapper\">\n\t\t\t\t\t<a class=\"elementor-button elementor-button-link elementor-size-sm elementor-animation-grow\" href=\"https:\/\/www.frequences.ch\/de\/epi-extraction-of-pathological-information\/\">\n\t\t\t\t\t\t<span class=\"elementor-button-content-wrapper\">\n\t\t\t\t\t\t\t\t\t<span class=\"elementor-button-text\">Mehr Information<\/span>\n\t\t\t\t\t<\/span>\n\t\t\t\t\t<\/a>\n\t\t\t\t<\/div>\n\t\t\t\t\t\t\t\t<\/div>\n\t\t\t\t<\/div>\n\t\t\t\t<\/div>\n\t\t\t\t<\/div>\n\t\t\t\t\t<\/div>\n\t\t\t\t<\/div>\n\t\t<div class=\"elementor-element elementor-element-1ecf8cc e-flex e-con-boxed e-con e-parent\" data-id=\"1ecf8cc\" data-element_type=\"container\" data-e-type=\"container\">\n\t\t\t\t\t<div class=\"e-con-inner\">\n\t\t<div class=\"elementor-element elementor-element-a3b5407 e-con-full elementor-hidden-tablet elementor-hidden-mobile e-flex e-con e-child\" data-id=\"a3b5407\" data-element_type=\"container\" data-e-type=\"container\" data-settings=\"{&quot;background_background&quot;:&quot;classic&quot;}\">\n\t\t\t\t<\/div>\n\t\t<div class=\"elementor-element elementor-element-3575f53 e-con-full e-flex e-con e-child\" data-id=\"3575f53\" data-element_type=\"container\" data-e-type=\"container\">\n\t\t\t\t<div class=\"elementor-element elementor-element-10b8eb1 elementor-widget__width-initial elementor-widget elementor-widget-text-editor\" data-id=\"10b8eb1\" data-element_type=\"widget\" data-e-type=\"widget\" data-widget_type=\"text-editor.default\">\n\t\t\t\t<div class=\"elementor-widget-container\">\n\t\t\t\t\t\t\t\t\t<p>Il ne sert \u00e0 rien au meilleur musicien du monde de faire ses gammes sur un instrument qui n\u2019est pas accord\u00e9. En gu\u00e9rison, nous sommes cet instrument.<\/p>\n<p>Le but poursuivi par Fr\u00e9quences gu\u00e9rison \u00e0 Neuch\u00e2tel est de transmettre aux participants des techniques n\u00e9cessaires pour d\u00e9velopper leur potentiel de gu\u00e9rison spirituelle et de toucher th\u00e9rapeutique.<\/p>\n\t\t\t\t\t\t\t\t<\/div>\n\t\t\t\t<\/div>\n\t\t\t\t<div class=\"elementor-element elementor-element-405ccc4 elementor-widget__width-initial elementor-widget elementor-widget-text-editor\" data-id=\"405ccc4\" data-element_type=\"widget\" data-e-type=\"widget\" data-widget_type=\"text-editor.default\">\n\t\t\t\t<div class=\"elementor-widget-container\">\n\t\t\t\t\t\t\t\t\t<p>Es n\u00fctzt dem besten Musiker der Welt nichts, seine Tonleitern auf einem Instrument zu spielen, das nicht gestimmt ist. In der Heilung sind wir dieses Instrument.<\/p>\n<p>Das von Fr\u00e9quences, der Schweizer Heilerschule in Neuenburg verfolgte Ziel besteht darin, den Teilnehmern die Techniken zu vermitteln, die sie ben\u00f6tigen, um ihr Potenzial f\u00fcr spirituelle Heilung und therapeutische Ber\u00fchrung zu entfalten.<\/p>\n\t\t\t\t\t\t\t\t<\/div>\n\t\t\t\t<\/div>\n\t\t\t\t<\/div>\n\t\t\t\t\t<\/div>\n\t\t\t\t<\/div>\n\t\t<div class=\"elementor-element elementor-element-625fbe8 e-flex e-con-boxed e-con e-parent\" data-id=\"625fbe8\" data-element_type=\"container\" data-e-type=\"container\" data-settings=\"{&quot;background_background&quot;:&quot;classic&quot;}\">\n\t\t\t\t\t<div class=\"e-con-inner\">\n\t\t\t\t<div class=\"elementor-element elementor-element-e2b1347 elementor-widget elementor-widget-heading\" data-id=\"e2b1347\" data-element_type=\"widget\" data-e-type=\"widget\" data-widget_type=\"heading.default\">\n\t\t\t\t<div class=\"elementor-widget-container\">\n\t\t\t\t\t<h2 class=\"elementor-heading-title elementor-size-default\">Cours et Formations<br>Seminare und Ausbildungen<\/h2>\t\t\t\t<\/div>\n\t\t\t\t<\/div>\n\t\t<div class=\"elementor-element elementor-element-c638e5d e-con-full e-flex e-con e-child\" data-id=\"c638e5d\" data-element_type=\"container\" data-e-type=\"container\">\n\t\t\t\t<div class=\"elementor-element elementor-element-6a44552 elementor-align-center elementor-widget__width-inherit elementor-widget elementor-widget-button\" data-id=\"6a44552\" data-element_type=\"widget\" data-e-type=\"widget\" data-widget_type=\"button.default\">\n\t\t\t\t<div class=\"elementor-widget-container\">\n\t\t\t\t\t\t\t\t\t<div class=\"elementor-button-wrapper\">\n\t\t\t\t\t<a class=\"elementor-button elementor-button-link elementor-size-sm elementor-animation-grow\" href=\"https:\/\/www.frequences.ch\/programmes\/\">\n\t\t\t\t\t\t<span class=\"elementor-button-content-wrapper\">\n\t\t\t\t\t\t\t\t\t<span class=\"elementor-button-text\">Cours en fran\u00e7ais<\/span>\n\t\t\t\t\t<\/span>\n\t\t\t\t\t<\/a>\n\t\t\t\t<\/div>\n\t\t\t\t\t\t\t\t<\/div>\n\t\t\t\t<\/div>\n\t\t\t\t<div class=\"elementor-element elementor-element-d610804 elementor-align-center elementor-widget__width-inherit elementor-widget elementor-widget-button\" data-id=\"d610804\" data-element_type=\"widget\" data-e-type=\"widget\" data-widget_type=\"button.default\">\n\t\t\t\t<div class=\"elementor-widget-container\">\n\t\t\t\t\t\t\t\t\t<div class=\"elementor-button-wrapper\">\n\t\t\t\t\t<a class=\"elementor-button elementor-button-link elementor-size-sm elementor-animation-grow\" href=\"https:\/\/www.frequences.ch\/de\/programme\/\">\n\t\t\t\t\t\t<span class=\"elementor-button-content-wrapper\">\n\t\t\t\t\t\t\t\t\t<span class=\"elementor-button-text\">Kurse auf Deutsch<\/span>\n\t\t\t\t\t<\/span>\n\t\t\t\t\t<\/a>\n\t\t\t\t<\/div>\n\t\t\t\t\t\t\t\t<\/div>\n\t\t\t\t<\/div>\n\t\t\t\t<\/div>\n\t\t\t\t\t<\/div>\n\t\t\t\t<\/div>\n\t\t<div class=\"elementor-element elementor-element-cd3a97e e-flex e-con-boxed e-con e-parent\" data-id=\"cd3a97e\" data-element_type=\"container\" data-e-type=\"container\">\n\t\t\t\t\t<div class=\"e-con-inner\">\n\t\t\t\t<div class=\"elementor-element elementor-element-14806ed elementor-widget elementor-widget-heading\" data-id=\"14806ed\" data-element_type=\"widget\" data-e-type=\"widget\" data-widget_type=\"heading.default\">\n\t\t\t\t<div class=\"elementor-widget-container\">\n\t\t\t\t\t<h2 class=\"elementor-heading-title elementor-size-default\">\u00c0 propos du fondateur<br>\u00dcber den Gr\u00fcnder<\/h2>\t\t\t\t<\/div>\n\t\t\t\t<\/div>\n\t\t\t\t\t<\/div>\n\t\t\t\t<\/div>\n\t\t<div class=\"elementor-element elementor-element-01afa24 e-flex e-con-boxed e-con e-parent\" data-id=\"01afa24\" data-element_type=\"container\" data-e-type=\"container\">\n\t\t\t\t\t<div class=\"e-con-inner\">\n\t\t<div class=\"elementor-element elementor-element-eaa236a e-con-full e-flex e-con e-child\" data-id=\"eaa236a\" data-element_type=\"container\" data-e-type=\"container\" data-settings=\"{&quot;background_background&quot;:&quot;classic&quot;}\">\n\t\t\t\t<div class=\"elementor-element elementor-element-ee5ba69 elementor-widget elementor-widget-text-editor\" data-id=\"ee5ba69\" data-element_type=\"widget\" data-e-type=\"widget\" data-widget_type=\"text-editor.default\">\n\t\t\t\t<div class=\"elementor-widget-container\">\n\t\t\t\t\t\t\t\t\t<p><strong>Hannes Jacob<\/strong> a commenc\u00e9 le massage \u00e0 l\u2019\u00e2ge de 15 ans et a \u00e9t\u00e9 mis en pr\u00e9sence de ph\u00e9nom\u00e8nes parapsychologiques d\u00e8s l\u2019\u00e2ge de 18 ans. Apr\u00e8s avoir consacr\u00e9 quelques ann\u00e9es \u00e0 des \u00e9tudes et \u00e0 une vie professionnelle dans le marketing, il est revenu dans le domaine spirituel et pratique maintenant comme \u00e9nerg\u00e9ticien dans son cabinet \u00e0 Neuch\u00e2tel.<\/p>\n<p>Il a \u00e9t\u00e9 enseignant \u00e0 l\u2019Association suisse de parapsychologie de Berne, au centre Pr\u00e9vention et Sant\u00e9 de Colombier et dans d\u2019autres centres en Suisse et en Angleterre \u00e0 l&#8221;<span class=\"kY2IgmnCmOGjharHErah\">Arthur Findlay College<\/span> o\u00f9 il transmetait la gu\u00e9rison spirituelle, le toucher th\u00e9rapeutique, la m\u00e9ditation et la m\u00e9diumnit\u00e9.<\/p>\n<p>Aujourd&#8217;hui il se consacre enti\u00e8rement \u00e0 Fr\u00e9quences \u00c9cole suisse de gu\u00e9rison et de recherches scientifiques.<\/p>\n\t\t\t\t\t\t\t\t<\/div>\n\t\t\t\t<\/div>\n\t\t\t\t<\/div>\n\t\t<div class=\"elementor-element elementor-element-e2c8f01 e-con-full e-flex e-con e-child\" data-id=\"e2c8f01\" data-element_type=\"container\" data-e-type=\"container\">\n\t\t\t\t<div class=\"elementor-element elementor-element-9b7e7a4 elementor-widget elementor-widget-image\" data-id=\"9b7e7a4\" data-element_type=\"widget\" data-e-type=\"widget\" data-widget_type=\"image.default\">\n\t\t\t\t<div class=\"elementor-widget-container\">\n\t\t\t\t\t\t\t\t\t\t\t\t\t\t\t<img loading=\"lazy\" decoding=\"async\" width=\"739\" height=\"1333\" src=\"https:\/\/www.frequences.ch\/wp-content\/uploads\/2025\/11\/Hannes-Jacob-e1764249412159.jpeg\" class=\"attachment-medium_large size-medium_large wp-image-3989\" alt=\"\" srcset=\"https:\/\/www.frequences.ch\/wp-content\/uploads\/2025\/11\/Hannes-Jacob-e1764249412159.jpeg 739w, https:\/\/www.frequences.ch\/wp-content\/uploads\/2025\/11\/Hannes-Jacob-e1764249412159-166x300.jpeg 166w, https:\/\/www.frequences.ch\/wp-content\/uploads\/2025\/11\/Hannes-Jacob-e1764249412159-568x1024.jpeg 568w, https:\/\/www.frequences.ch\/wp-content\/uploads\/2025\/11\/Hannes-Jacob-e1764249412159-600x1082.jpeg 600w\" sizes=\"(max-width: 739px) 100vw, 739px\" \/>\t\t\t\t\t\t\t\t\t\t\t\t\t\t\t<\/div>\n\t\t\t\t<\/div>\n\t\t\t\t<\/div>\n\t\t<div class=\"elementor-element elementor-element-c274679 e-con-full e-flex e-con e-child\" data-id=\"c274679\" data-element_type=\"container\" data-e-type=\"container\" data-settings=\"{&quot;background_background&quot;:&quot;classic&quot;}\">\n\t\t\t\t<div class=\"elementor-element elementor-element-96f40cc elementor-widget elementor-widget-text-editor\" data-id=\"96f40cc\" data-element_type=\"widget\" data-e-type=\"widget\" data-widget_type=\"text-editor.default\">\n\t\t\t\t<div class=\"elementor-widget-container\">\n\t\t\t\t\t\t\t\t\t<p><strong>Hannes Jacob<\/strong> begann im Alter von 15 Jahren mit der Massage und wurde ab seinem 18. Lebensjahr mit parapsychologischen Ph\u00e4nomenen konfrontiert. Nachdem er einige Jahre dem Studium und einem Berufsleben im Marketing gewidmet hatte, kehrte er in den spirituellen Bereich zur\u00fcck und praktiziert nun als Energetiker in seiner Praxis in Neuch\u00e2tel.<\/p>\n<p>Er ist Lehrer an der Schweizerischen Gesellschaft f\u00fcr Parapsychologie in Bern, im Zentrum Pr\u00e9vention et Sant\u00e9 in Colombier und in anderen Zentren in der Schweiz und in England im Arthur Findley Collage, wo er geistiges Heilen, therapeutische Ber\u00fchrung, Meditation und Medialit\u00e4t vermittelt.<\/p>\n<p>Heute widmet er sich ausschliesslich der Schweizerischen Schule f\u00fcr Heilen und der Forschung.<\/p>\n\t\t\t\t\t\t\t\t<\/div>\n\t\t\t\t<\/div>\n\t\t\t\t<\/div>\n\t\t\t\t\t<\/div>\n\t\t\t\t<\/div>\n\t\t<div class=\"elementor-element elementor-element-7fdae7b e-flex e-con-boxed e-con e-parent\" data-id=\"7fdae7b\" data-element_type=\"container\" data-e-type=\"container\" data-settings=\"{&quot;background_background&quot;:&quot;classic&quot;}\">\n\t\t\t\t\t<div class=\"e-con-inner\">\n\t\t\t\t<div class=\"elementor-element elementor-element-d21d4c6 elementor-widget elementor-widget-heading\" data-id=\"d21d4c6\" data-element_type=\"widget\" data-e-type=\"widget\" data-widget_type=\"heading.default\">\n\t\t\t\t<div class=\"elementor-widget-container\">\n\t\t\t\t\t<h2 class=\"elementor-heading-title elementor-size-default\">Kommende Kurse und Ausbildungen<\/h2>\t\t\t\t<\/div>\n\t\t\t\t<\/div>\n\t\t<div class=\"elementor-element elementor-element-ba5e909 e-con-full e-flex e-con e-child\" data-id=\"ba5e909\" data-element_type=\"container\" data-e-type=\"container\">\n\t\t\t\t<div class=\"elementor-element elementor-element-3bc8765 elementor-widget elementor-widget-the-event-main\" data-id=\"3bc8765\" data-element_type=\"widget\" data-e-type=\"widget\" data-widget_type=\"the-event-main.default\">\n\t\t\t\t<div class=\"elementor-widget-container\">\n\t\t\t\t\t<div class=\"ewpe-main-wrapper ewpe-list-wrapper\"><div class=\"ewpe-inner-wrapper\"><style>.elementor-4160 .elementor-element.elementor-element-9ca8875{--display:flex;--flex-direction:row;--container-widget-width:initial;--container-widget-height:100%;--container-widget-flex-grow:1;--container-widget-align-self:stretch;--flex-wrap-mobile:wrap;--gap:10px 10px;--row-gap:10px;--column-gap:10px;--padding-top:0px;--padding-bottom:0px;--padding-left:0px;--padding-right:0px;}.elementor-4160 .elementor-element.elementor-element-7537a22{--display:flex;--padding-top:0px;--padding-bottom:0px;--padding-left:0px;--padding-right:0px;}.elementor-4160 .elementor-element.elementor-element-7537a22.e-con{--flex-grow:0;--flex-shrink:0;}.elementor-4160 .elementor-element.elementor-element-070c0a3 .ewpe-featured-img img{object-fit:cover;}.elementor-4160 .elementor-element.elementor-element-070c0a3 .ewpe-featured-img{--ewpe-image-width:85px;--ewpe-image-height:85px;}.elementor-4160 .elementor-element.elementor-element-520cce7{--display:flex;--flex-direction:column;--container-widget-width:100%;--container-widget-height:initial;--container-widget-flex-grow:0;--container-widget-align-self:initial;--flex-wrap-mobile:wrap;--gap:8px 8px;--row-gap:8px;--column-gap:8px;--padding-top:5px;--padding-bottom:0px;--padding-left:0px;--padding-right:0px;}.elementor-4160 .elementor-element.elementor-element-fe5ce5c .ewpe-event-title{--ewpe-title-color:#222222;font-family:\"Rubik\", Sans-serif;font-size:17px;font-weight:500;line-height:1.45em;}.elementor-4160 .elementor-element.elementor-element-fe5ce5c {--ewpe-title-hvr-color:#222222;}.elementor-4160 .elementor-element.elementor-element-fe5ce5c .ewpe-event-title:hover{--ewpe-title-hvr-color:#2667FF;text-decoration:underline;}.elementor-4160 .elementor-element.elementor-element-fe5ce5c > .elementor-widget-container{margin:-5px 0px 0px 0px;}.elementor-4160 .elementor-element.elementor-element-a22d8a8 .ewpe-event-venue-details,\r\n                    .elementor-4160 .elementor-element.elementor-element-a22d8a8 a,\r\n                    .elementor-4160 .elementor-element.elementor-element-a22d8a8 .tribe-address,\r\n                    .elementor-4160 .elementor-element.elementor-element-a22d8a8  span,\r\n                    .elementor-4160 .elementor-element.elementor-element-a22d8a8 ewpe-meta-wrp .ewpe-event-venue-details i,\r\n                    .elementor-4160 .elementor-element.elementor-element-a22d8a8  .ewpe-event-venue-details span{--ewpe-venue-detail-color:#666666;}.elementor-4160 .elementor-element.elementor-element-a22d8a8  .ewpe-event-venue-details,\r\n                                    .elementor-4160 .elementor-element.elementor-element-a22d8a8 a,\r\n                                    .elementor-4160 .elementor-element.elementor-element-a22d8a8 .tribe-address,\r\n                                    .elementor-4160 .elementor-element.elementor-element-a22d8a8  span,\r\n                                    .elementor-4160 .elementor-element.elementor-element-a22d8a8 ewpe-meta-wrp .ewpe-event-venue-details i,\r\n                                    .elementor-4160 .elementor-element.elementor-element-a22d8a8 .ewpe-event-venue-details span{font-family:\"Rubik\", Sans-serif;font-size:13px;}body.elementor-page-4160 .elementor-302{max-width:1140px;margin:0px auto;}@media(min-width:768px){.elementor-4160 .elementor-element.elementor-element-7537a22{--width:85px;}}@media(max-width:767px){.elementor-4160 .elementor-element.elementor-element-9ca8875{--flex-wrap:nowrap;}.elementor-4160 .elementor-element.elementor-element-7537a22{--width:25%;}.elementor-4160 .elementor-element.elementor-element-520cce7{--width:50%;}}<\/style>\t\t<div data-elementor-type=\"wp-post\" data-elementor-id=\"4160\" class=\"elementor elementor-4160\" data-elementor-post-type=\"ewpe\">\n\t\t\t\t<div class=\"elementor-element elementor-element-9ca8875 e-flex e-con-boxed e-con e-parent\" data-id=\"9ca8875\" data-element_type=\"container\" data-e-type=\"container\">\n\t\t\t\t\t<div class=\"e-con-inner\">\n\t\t<div class=\"elementor-element elementor-element-7537a22 e-con-full e-flex e-con e-child\" data-id=\"7537a22\" data-element_type=\"container\" data-e-type=\"container\">\n\t\t\t\t<div class=\"elementor-element elementor-element-070c0a3 elementor-widget elementor-widget-the-event-item-image-loop\" data-id=\"070c0a3\" data-element_type=\"widget\" data-e-type=\"widget\" data-widget_type=\"the-event-item-image-loop.default\">\n\t\t\t\t<div class=\"elementor-widget-container\">\n\t\t\t\t\t<a href = https:\/\/www.frequences.ch\/de\/event\/epi-extraction-of-pathological-information-heilerausbildung-deutsch\/><div class=\"ewpe-featured-img\"><img decoding=\"async\" class=\"elementor-animation-pop\" src=\"https:\/\/www.frequences.ch\/wp-content\/uploads\/2023\/12\/Logo-EPI-150x150.jpg\" alt=\"EPI Extration of Pathological Information\"><\/div><\/a>\t\t\t\t<\/div>\n\t\t\t\t<\/div>\n\t\t\t\t<\/div>\n\t\t<div class=\"elementor-element elementor-element-520cce7 e-con-full e-flex e-con e-child\" data-id=\"520cce7\" data-element_type=\"container\" data-e-type=\"container\">\n\t\t\t\t<div class=\"elementor-element elementor-element-fe5ce5c elementor-widget elementor-widget-the-event-title-loop\" data-id=\"fe5ce5c\" data-element_type=\"widget\" data-e-type=\"widget\" data-widget_type=\"the-event-title-loop.default\">\n\t\t\t\t<div class=\"elementor-widget-container\">\n\t\t\t\t\t<a class=\"event-link\" href = https:\/\/www.frequences.ch\/de\/event\/epi-extraction-of-pathological-information-heilerausbildung-deutsch\/><h5 data-event-category = \"formation-epi-de\" class=\"ewpe-event-title\">EPI \u2013 Extraction of Pathological Information\u2122 \u2013 Heilerausbildung Deutsch<\/h5><\/a>\t\t\t\t<\/div>\n\t\t\t\t<\/div>\n\t\t\t\t<div class=\"elementor-element elementor-element-a22d8a8 elementor-widget elementor-widget-the-event-venue-details-loop\" data-id=\"a22d8a8\" data-element_type=\"widget\" data-e-type=\"widget\" data-widget_type=\"the-event-venue-details-loop.default\">\n\t\t\t\t<div class=\"elementor-widget-container\">\n\t\t\t\t\t \t<div class=\"ewpe-meta-wrp\"><span class=\"ewpe-event-venue-details\"><span class=\"ewpe-add-city\">Rue de la C\u00f4te 66, Neuenburg<\/span><\/span><\/div>\t\t\t\t<\/div>\n\t\t\t\t<\/div>\n\t\t\t\t<\/div>\n\t\t\t\t\t<\/div>\n\t\t\t\t<\/div>\n\t\t\t\t<\/div>\n\t\t<\/div><\/div>\t\t\t\t<\/div>\n\t\t\t\t<\/div>\n\t\t\t\t<\/div>\n\t\t\t\t\t<\/div>\n\t\t\t\t<\/div>\n\t\t<div class=\"elementor-element elementor-element-2ed12b2 e-flex e-con-boxed e-con e-parent\" data-id=\"2ed12b2\" data-element_type=\"container\" data-e-type=\"container\">\n\t\t\t\t\t<div class=\"e-con-inner\">\n\t\t\t\t<div class=\"elementor-element elementor-element-101678f elementor-widget elementor-widget-heading\" data-id=\"101678f\" data-element_type=\"widget\" data-e-type=\"widget\" data-widget_type=\"heading.default\">\n\t\t\t\t<div class=\"elementor-widget-container\">\n\t\t\t\t\t<h2 class=\"elementor-heading-title elementor-size-default\">Meditationen<\/h2>\t\t\t\t<\/div>\n\t\t\t\t<\/div>\n\t\t\t\t<div class=\"elementor-element elementor-element-c315a9c elementor-grid-5 elementor-grid-tablet-3 elementor-grid-mobile-2 elementor-products-grid elementor-wc-products elementor-widget elementor-widget-woocommerce-products\" data-id=\"c315a9c\" data-element_type=\"widget\" data-e-type=\"widget\" data-widget_type=\"woocommerce-products.default\">\n\t\t\t\t<div class=\"elementor-widget-container\">\n\t\t\t\t\t<div class=\"woocommerce columns-5 \"><ul class=\"products elementor-grid columns-5\">\n<li class=\"product type-product post-2858 status-publish first instock product_cat-meditationen has-post-thumbnail downloadable virtual purchasable product-type-simple\">\n\t<a href=\"https:\/\/www.frequences.ch\/de\/product\/sitzen-fuer-die-geistige-welt\/\" class=\"woocommerce-LoopProduct-link woocommerce-loop-product__link\"><img loading=\"lazy\" decoding=\"async\" width=\"300\" height=\"300\" src=\"https:\/\/www.frequences.ch\/wp-content\/uploads\/2024\/06\/Meditation-avec-les-guides-300x300.jpg\" class=\"attachment-woocommerce_thumbnail size-woocommerce_thumbnail\" alt=\"Sitzen fu\u0308r die geistige Welt\" srcset=\"https:\/\/www.frequences.ch\/wp-content\/uploads\/2024\/06\/Meditation-avec-les-guides-300x300.jpg 300w, https:\/\/www.frequences.ch\/wp-content\/uploads\/2024\/06\/Meditation-avec-les-guides-150x150.jpg 150w, https:\/\/www.frequences.ch\/wp-content\/uploads\/2024\/06\/Meditation-avec-les-guides-100x100.jpg 100w\" sizes=\"(max-width: 300px) 100vw, 300px\" \/><h2 class=\"woocommerce-loop-product__title\">Sitzen fu\u0308r die geistige Welt<\/h2>\n\t<span class=\"price\"><span class=\"woocommerce-Price-amount amount\"><bdi><span class=\"woocommerce-Price-currencySymbol\">&#67;&#72;&#70;<\/span>&nbsp;15.00<\/bdi><\/span><\/span>\n<\/a><div class=\"woocommerce-loop-product__buttons\"><a href=\"\/de\/wp-json\/wp\/v2\/pages\/3899?add-to-cart=2858\" aria-describedby=\"woocommerce_loop_add_to_cart_link_describedby_2858\" data-quantity=\"1\" class=\"button product_type_simple add_to_cart_button ajax_add_to_cart\" data-product_id=\"2858\" data-product_sku=\"\" aria-label=\"Add to cart: &ldquo;Sitzen fu\u0308r die geistige Welt&rdquo;\" rel=\"nofollow\" data-success_message=\"&ldquo;Sitzen fu\u0308r die geistige Welt&rdquo; has been added to your cart\" role=\"button\">Add to cart<\/a><\/div>\t<span id=\"woocommerce_loop_add_to_cart_link_describedby_2858\" class=\"screen-reader-text\">\n\t\t\t<\/span>\n<\/li>\n<li class=\"product type-product post-2854 status-publish instock product_cat-meditationen has-post-thumbnail downloadable virtual purchasable product-type-simple\">\n\t<a href=\"https:\/\/www.frequences.ch\/de\/product\/die-gaerten-des-grossen-geistes\/\" class=\"woocommerce-LoopProduct-link woocommerce-loop-product__link\"><img loading=\"lazy\" decoding=\"async\" width=\"300\" height=\"300\" src=\"https:\/\/www.frequences.ch\/wp-content\/uploads\/2024\/06\/Les-jardins-du-grand-esprit-300x300.jpg\" class=\"attachment-woocommerce_thumbnail size-woocommerce_thumbnail\" alt=\"Die G\u00e4rten des Grossen Geistes\" srcset=\"https:\/\/www.frequences.ch\/wp-content\/uploads\/2024\/06\/Les-jardins-du-grand-esprit-300x300.jpg 300w, https:\/\/www.frequences.ch\/wp-content\/uploads\/2024\/06\/Les-jardins-du-grand-esprit-150x150.jpg 150w, https:\/\/www.frequences.ch\/wp-content\/uploads\/2024\/06\/Les-jardins-du-grand-esprit-100x100.jpg 100w\" sizes=\"(max-width: 300px) 100vw, 300px\" \/><h2 class=\"woocommerce-loop-product__title\">Die G\u00e4rten des Grossen Geistes<\/h2>\n\t<span class=\"price\"><span class=\"woocommerce-Price-amount amount\"><bdi><span class=\"woocommerce-Price-currencySymbol\">&#67;&#72;&#70;<\/span>&nbsp;15.00<\/bdi><\/span><\/span>\n<\/a><div class=\"woocommerce-loop-product__buttons\"><a href=\"\/de\/wp-json\/wp\/v2\/pages\/3899?add-to-cart=2854\" aria-describedby=\"woocommerce_loop_add_to_cart_link_describedby_2854\" data-quantity=\"1\" class=\"button product_type_simple add_to_cart_button ajax_add_to_cart\" data-product_id=\"2854\" data-product_sku=\"\" aria-label=\"Add to cart: &ldquo;Die G\u00e4rten des Grossen Geistes&rdquo;\" rel=\"nofollow\" data-success_message=\"&ldquo;Die G\u00e4rten des Grossen Geistes&rdquo; has been added to your cart\" role=\"button\">Add to cart<\/a><\/div>\t<span id=\"woocommerce_loop_add_to_cart_link_describedby_2854\" class=\"screen-reader-text\">\n\t\t\t<\/span>\n<\/li>\n<li class=\"product type-product post-2226 status-publish instock product_cat-meditationen has-post-thumbnail downloadable virtual purchasable product-type-simple\">\n\t<a href=\"https:\/\/www.frequences.ch\/de\/product\/vipassana\/\" class=\"woocommerce-LoopProduct-link woocommerce-loop-product__link\"><img loading=\"lazy\" decoding=\"async\" width=\"300\" height=\"300\" src=\"https:\/\/www.frequences.ch\/wp-content\/uploads\/2024\/06\/vipassana-300x300.jpg\" class=\"attachment-woocommerce_thumbnail size-woocommerce_thumbnail\" alt=\"Vipassana\" srcset=\"https:\/\/www.frequences.ch\/wp-content\/uploads\/2024\/06\/vipassana-300x300.jpg 300w, https:\/\/www.frequences.ch\/wp-content\/uploads\/2024\/06\/vipassana-150x150.jpg 150w, https:\/\/www.frequences.ch\/wp-content\/uploads\/2024\/06\/vipassana-100x100.jpg 100w\" sizes=\"(max-width: 300px) 100vw, 300px\" \/><h2 class=\"woocommerce-loop-product__title\">Vipassana<\/h2>\n\t<span class=\"price\"><span class=\"woocommerce-Price-amount amount\"><bdi><span class=\"woocommerce-Price-currencySymbol\">&#67;&#72;&#70;<\/span>&nbsp;0.00<\/bdi><\/span><\/span>\n<\/a><div class=\"woocommerce-loop-product__buttons\"><a href=\"\/de\/wp-json\/wp\/v2\/pages\/3899?add-to-cart=2226\" aria-describedby=\"woocommerce_loop_add_to_cart_link_describedby_2226\" data-quantity=\"1\" class=\"button product_type_simple add_to_cart_button ajax_add_to_cart\" data-product_id=\"2226\" data-product_sku=\"\" aria-label=\"Add to cart: &ldquo;Vipassana&rdquo;\" rel=\"nofollow\" data-success_message=\"&ldquo;Vipassana&rdquo; has been added to your cart\" role=\"button\">Add to cart<\/a><\/div>\t<span id=\"woocommerce_loop_add_to_cart_link_describedby_2226\" class=\"screen-reader-text\">\n\t\t\t<\/span>\n<\/li>\n<\/ul>\n<\/div>\t\t\t\t<\/div>\n\t\t\t\t<\/div>\n\t\t\t\t\t<\/div>\n\t\t\t\t<\/div>\n\t\t<div class=\"elementor-element elementor-element-63d9a8e e-flex e-con-boxed e-con e-parent\" data-id=\"63d9a8e\" data-element_type=\"container\" data-e-type=\"container\">\n\t\t\t\t\t<div class=\"e-con-inner\">\n\t\t\t\t<div class=\"elementor-element elementor-element-366f374 elementor-align-center elementor-widget elementor-widget-button\" data-id=\"366f374\" data-element_type=\"widget\" data-e-type=\"widget\" data-widget_type=\"button.default\">\n\t\t\t\t<div class=\"elementor-widget-container\">\n\t\t\t\t\t\t\t\t\t<div class=\"elementor-button-wrapper\">\n\t\t\t\t\t<a class=\"elementor-button elementor-button-link elementor-size-sm elementor-animation-grow\" href=\"https:\/\/www.frequences.ch\/boutique\/\">\n\t\t\t\t\t\t<span class=\"elementor-button-content-wrapper\">\n\t\t\t\t\t\t\t\t\t<span class=\"elementor-button-text\">M\u00e9ditations en fran\u00e7ais<\/span>\n\t\t\t\t\t<\/span>\n\t\t\t\t\t<\/a>\n\t\t\t\t<\/div>\n\t\t\t\t\t\t\t\t<\/div>\n\t\t\t\t<\/div>\n\t\t\t\t\t<\/div>\n\t\t\t\t<\/div>\n\t\t\t\t<\/div>\n\t\t","protected":false},"excerpt":{"rendered":"<p>Fr\u00e9quences \u00c9cole suisse de gu\u00e9rison et m\u00e9diumnit\u00e9 Schweizer Schule f\u00fcr Heilung und Medialit\u00e4t Bienvenue sur le site de Fr\u00e9quences. Nous sommes ravis de vous accueillir. Cours en fran\u00e7ais Willkommen auf [&hellip;]<\/p>\n","protected":false},"author":2,"featured_media":0,"parent":0,"menu_order":0,"comment_status":"closed","ping_status":"closed","template":"elementor_header_footer","meta":{"iawp_total_views":119,"footnotes":""},"class_list":["post-3899","page","type-page","status-publish","hentry"],"_links":{"self":[{"href":"https:\/\/www.frequences.ch\/de\/wp-json\/wp\/v2\/pages\/3899","targetHints":{"allow":["GET"]}}],"collection":[{"href":"https:\/\/www.frequences.ch\/de\/wp-json\/wp\/v2\/pages"}],"about":[{"href":"https:\/\/www.frequences.ch\/de\/wp-json\/wp\/v2\/types\/page"}],"author":[{"embeddable":true,"href":"https:\/\/www.frequences.ch\/de\/wp-json\/wp\/v2\/users\/2"}],"replies":[{"embeddable":true,"href":"https:\/\/www.frequences.ch\/de\/wp-json\/wp\/v2\/comments?post=3899"}],"version-history":[{"count":27,"href":"https:\/\/www.frequences.ch\/de\/wp-json\/wp\/v2\/pages\/3899\/revisions"}],"predecessor-version":[{"id":4184,"href":"https:\/\/www.frequences.ch\/de\/wp-json\/wp\/v2\/pages\/3899\/revisions\/4184"}],"wp:attachment":[{"href":"https:\/\/www.frequences.ch\/de\/wp-json\/wp\/v2\/media?parent=3899"}],"curies":[{"name":"wp","href":"https:\/\/api.w.org\/{rel}","templated":true}]}}